{"id":336,"date":"2022-09-21T19:11:43","date_gmt":"2022-09-21T17:11:43","guid":{"rendered":"https:\/\/kgv-flora1-dresden.de\/schwarzergarten\/?page_id=336"},"modified":"2022-09-21T19:29:16","modified_gmt":"2022-09-21T17:29:16","slug":"mahlwerk","status":"publish","type":"page","link":"https:\/\/kgv-flora1-dresden.de\/schwarzergarten\/mahlwerk\/","title":{"rendered":"Mahlwerk"},"content":{"rendered":"\n<p class=\"has-medium-font-size\">Das Mahlwerk dient zum Mahlen und Pulverisieren der Pflanzenkohle. <\/p>\n\n\n\n<p class=\"has-medium-font-size\">Die Pflanzenkohle kann vor der Mitkompostierung im Kompost und f\u00fcr das Beladen in einem Fl\u00fcssigd\u00fcnger zerkleinert werden. Der Mahlgrad sollte zwischen &lt;1mm bis 1cm liegen. Die gemahlene Pflanzenkohle ist pur besser \u00fcber dem Kompost verteilbar bzw. besser mit einer Fl\u00fcssigkeit vermengbar.<\/p>\n\n\n\n<p class=\"has-medium-font-size\">Die gesamte Oberfl\u00e4che (innere und \u00e4u\u00dfere Oberfl\u00e4che) der Pflanzenkohle wird durch das Mahlen nur unwesentlich vergr\u00f6\u00dfert. Allerdings hilft die homogenere Verteilung im Kompost und schlie\u00dflich im Beet dabei, dass mehr Bodenleben und Wurzeln Zugang zu den Poren der Pflanzenkohle haben usw.\u00a0<\/p>\n\n\n\n<p class=\"has-medium-font-size\">Was wird gebraucht:<\/p>\n\n\n\n<ul class=\"has-medium-font-size wp-block-list\"><li>handels\u00fcblicher elektrischer Gr\u00fcnschnitt-H\u00e4cksler als Mahlwerk,<\/li><li>einen windstillen Tag w\u00e4hlen,<\/li><li>Lagerplatz: die vermahlene Kohle sollte dann windgesch\u00fctzt bis zur Weiterverarbeitung gelagert werden, ie kann mit Regenwasser in Ber\u00fchrung kommen, da es Sporen und andere wertvolle Stoffe in die Pflanzenkohle einbringt<\/li><\/ul>\n\n\n\n<figure class=\"wp-block-image size-large is-resized\"><img loading=\"lazy\" decoding=\"async\" src=\"https:\/\/kgv-flora1-dresden.de\/schwarzergarten\/wp-content\/uploads\/2022\/09\/20190501_143728-edited-2-scaled.jpg\" alt=\"\" class=\"wp-image-349\" width=\"1173\" height=\"440\" srcset=\"https:\/\/kgv-flora1-dresden.de\/schwarzergarten\/wp-content\/uploads\/2022\/09\/20190501_143728-edited-2-scaled.jpg 2560w, https:\/\/kgv-flora1-dresden.de\/schwarzergarten\/wp-content\/uploads\/2022\/09\/20190501_143728-edited-2-300x113.jpg 300w, https:\/\/kgv-flora1-dresden.de\/schwarzergarten\/wp-content\/uploads\/2022\/09\/20190501_143728-edited-2-1024x384.jpg 1024w, https:\/\/kgv-flora1-dresden.de\/schwarzergarten\/wp-content\/uploads\/2022\/09\/20190501_143728-edited-2-768x288.jpg 768w, https:\/\/kgv-flora1-dresden.de\/schwarzergarten\/wp-content\/uploads\/2022\/09\/20190501_143728-edited-2-1536x576.jpg 1536w, https:\/\/kgv-flora1-dresden.de\/schwarzergarten\/wp-content\/uploads\/2022\/09\/20190501_143728-edited-2-2048x768.jpg 2048w, https:\/\/kgv-flora1-dresden.de\/schwarzergarten\/wp-content\/uploads\/2022\/09\/20190501_143728-edited-2-1920x720.jpg 1920w\" sizes=\"auto, (max-width: 1173px) 100vw, 1173px\" \/><\/figure>\n\n\n\n<p class=\"has-medium-font-size\"><em>Welche Erfahrungen machen Sie mit dem Mahlen der Pflanzenkohle? <\/em><br>Schicken Sie uns Ihre Eindr\u00fccke \u00fcber das Kontaktformular auf der Startseite, ganz unten.<\/p>\n","protected":false},"excerpt":{"rendered":"<p>Das Mahlwerk dient zum Mahlen und Pulverisieren der Pflanzenkohle. Die Pflanzenkohle kann vor der Mitkompostierung im Kompost und f\u00fcr das Beladen in einem Fl\u00fcssigd\u00fcnger zerkleinert werden. Der Mahlgrad sollte zwischen &lt;1mm bis 1cm liegen. Die gemahlene Pflanzenkohle ist pur besser \u00fcber dem Kompost verteilbar bzw. besser mit einer Fl\u00fcssigkeit vermengbar. Die gesamte Oberfl\u00e4che (innere und&hellip; <br \/> <a class=\"button small blue\" href=\"https:\/\/kgv-flora1-dresden.de\/schwarzergarten\/mahlwerk\/\">Weiterlesen<\/a><\/p>\n","protected":false},"author":3,"featured_media":337,"parent":0,"menu_order":0,"comment_status":"closed","ping_status":"closed","template":"","meta":{"footnotes":""},"class_list":["post-336","page","type-page","status-publish","has-post-thumbnail","hentry"],"_links":{"self":[{"href":"https:\/\/kgv-flora1-dresden.de\/schwarzergarten\/wp-json\/wp\/v2\/pages\/336","targetHints":{"allow":["GET"]}}],"collection":[{"href":"https:\/\/kgv-flora1-dresden.de\/schwarzergarten\/wp-json\/wp\/v2\/pages"}],"about":[{"href":"https:\/\/kgv-flora1-dresden.de\/schwarzergarten\/wp-json\/wp\/v2\/types\/page"}],"author":[{"embeddable":true,"href":"https:\/\/kgv-flora1-dresden.de\/schwarzergarten\/wp-json\/wp\/v2\/users\/3"}],"replies":[{"embeddable":true,"href":"https:\/\/kgv-flora1-dresden.de\/schwarzergarten\/wp-json\/wp\/v2\/comments?post=336"}],"version-history":[{"count":4,"href":"https:\/\/kgv-flora1-dresden.de\/schwarzergarten\/wp-json\/wp\/v2\/pages\/336\/revisions"}],"predecessor-version":[{"id":351,"href":"https:\/\/kgv-flora1-dresden.de\/schwarzergarten\/wp-json\/wp\/v2\/pages\/336\/revisions\/351"}],"wp:featuredmedia":[{"embeddable":true,"href":"https:\/\/kgv-flora1-dresden.de\/schwarzergarten\/wp-json\/wp\/v2\/media\/337"}],"wp:attachment":[{"href":"https:\/\/kgv-flora1-dresden.de\/schwarzergarten\/wp-json\/wp\/v2\/media?parent=336"}],"curies":[{"name":"wp","href":"https:\/\/api.w.org\/{rel}","templated":true}]}}